{"id":1767,"date":"2020-10-26T22:29:04","date_gmt":"2020-10-26T22:29:04","guid":{"rendered":"https:\/\/opj.ces.uc.pt\/?page_id=1767"},"modified":"2020-11-27T11:01:54","modified_gmt":"2020-11-27T11:01:54","slug":"international-online-seminar-technologies-of-normalization-virtual","status":"publish","type":"page","link":"https:\/\/opj.ces.uc.pt\/en\/international-online-seminar-technologies-of-normalization-virtual\/","title":{"rendered":"International Online Seminar Technologies of Normalization (virtual)"},"content":{"rendered":"<div id=\"fws_69f08ff8b64e2\"  data-midnight=\"dark\" data-top-percent=\"3%\" data-bottom-percent=\"3%\"  data-bg-mobile-hidden=\"\" class=\"wpb_row vc_row-fluid vc_row top-level full-width-section standard_section\"  style=\"padding-top: calc(100vw * 0.03); padding-bottom: calc(100vw * 0.03); \"><div class=\"row-bg-wrap\" data-bg-animation=\"none\"><div class=\"inner-wrap\"><div class=\"row-bg\"  style=\"\"><\/div><\/div><div class=\"row-bg-overlay\" ><\/div><\/div><div class=\"col span_12 dark left\">\n\t<div  class=\"vc_col-sm-12 wpb_column column_container vc_column_container col no-extra-padding\"  data-t-w-inherits=\"default\" data-border-radius=\"none\" data-shadow=\"none\" data-border-animation=\"\" data-border-animation-delay=\"\" data-border-width=\"none\" data-border-style=\"solid\" data-border-color=\"\" data-bg-cover=\"\" data-padding-pos=\"all\" data-has-bg-color=\"false\" data-bg-color=\"\" data-bg-opacity=\"1\" data-hover-bg=\"\" data-hover-bg-opacity=\"1\" data-animation=\"\" data-delay=\"0\"><div class=\"column-bg-overlay\"><\/div>\n\t\t<div class=\"vc_column-inner\">\n\t\t\t<div class=\"wpb_wrapper\">\n\t\t\t\t\r\n\t<div class=\"wpb_text_column wpb_content_element  vc_custom_1603879918953\" >\r\n\t\t<div class=\"wpb_wrapper\">\r\n\t\t\t<h3 style=\"text-align: left;\"><span style=\"color: #ffffff;\">SEMINAR<\/span><\/h3>\n\r\n\t\t<\/div>\r\n\t<\/div>\r\n<div class=\"divider-wrap\" data-alignment=\"default\"><div style=\"height: 50px;\" class=\"divider\"><\/div><\/div>\n\t\t\t<\/div> \n\t\t<\/div>\n\t<\/div> \n<\/div><\/div>\n\t\t<div id=\"fws_69f08ff8b68bd\"  data-midnight=\"dark\"  data-bg-mobile-hidden=\"\" class=\"wpb_row vc_row-fluid vc_row standard_section\"  style=\"padding-top: 0px; padding-bottom: 0px; \"><div class=\"row-bg-wrap\" data-bg-animation=\"none\"><div class=\"inner-wrap\"><div class=\"row-bg\"  style=\"\"><\/div><\/div><div class=\"row-bg-overlay\" ><\/div><\/div><div class=\"col span_12 dark left\">\n\t<div  class=\"vc_col-sm-8 wpb_column column_container vc_column_container col no-extra-padding\"  data-t-w-inherits=\"default\" data-border-radius=\"none\" data-shadow=\"none\" data-border-animation=\"\" data-border-animation-delay=\"\" data-border-width=\"none\" data-border-style=\"solid\" data-border-color=\"\" data-bg-cover=\"\" data-padding-pos=\"all\" data-has-bg-color=\"false\" data-bg-color=\"\" data-bg-opacity=\"1\" data-hover-bg=\"\" data-hover-bg-opacity=\"1\" data-animation=\"\" data-delay=\"0\"><div class=\"column-bg-overlay\"><\/div>\n\t\t<div class=\"vc_column-inner\">\n\t\t\t<div class=\"wpb_wrapper\">\n\t\t\t\t\r\n\t<div class=\"wpb_text_column wpb_content_element  vc_custom_1603751243838\" >\r\n\t\t<div class=\"wpb_wrapper\">\r\n\t\t\t<p><strong>International Online Seminar Technologies of Normalization (v<\/strong><strong>irtual)<\/strong><\/p>\n<p><a href=\"https:\/\/www.ces.uc.pt\/pt\/ces\/pessoas\/investigadoras-es\/paula-casaleiro\">Paula Casaleiro<\/a> apresentou a comunica\u00e7\u00e3o \u201cThe Medicalization of Family and Children&#8217;s Judicial Conflicts\u201d<br \/>\n1 de outubro<\/p>\n\r\n\t\t<\/div>\r\n\t<\/div>\r\n<div class=\"divider-wrap\" data-alignment=\"default\"><div style=\"height: 30px;\" class=\"divider\"><\/div><\/div><a class=\"nectar-button small see-through accent-color has-icon\" style=\"border-color: #581634; color: #581634;\" target=\"_blank\" href=\"https:\/\/ces.uc.pt\/pt\/agenda-noticias\/agenda-de-eventos\/2020\/technologies-of-normalization\" data-color-override=\"#581634\" data-hover-color-override=\"false\" data-hover-text-color-override=\"#fff\"><span>Presentation<\/span><i  class=\"fa fa-files-o\"><\/i><\/a>\n\t\t\t<\/div> \n\t\t<\/div>\n\t<\/div> \n\n\t<div  class=\"vc_col-sm-4 wpb_column column_container vc_column_container col no-extra-padding\"  data-t-w-inherits=\"default\" data-border-radius=\"none\" data-shadow=\"none\" data-border-animation=\"\" data-border-animation-delay=\"\" data-border-width=\"none\" data-border-style=\"solid\" data-border-color=\"\" data-bg-cover=\"\" data-padding-pos=\"all\" data-has-bg-color=\"false\" data-bg-color=\"\" data-bg-opacity=\"1\" data-hover-bg=\"\" data-hover-bg-opacity=\"1\" data-animation=\"\" data-delay=\"0\"><div class=\"column-bg-overlay\"><\/div>\n\t\t<div class=\"vc_column-inner\">\n\t\t\t<div class=\"wpb_wrapper\">\n\t\t\t\t\n\t\t\t<\/div> \n\t\t<\/div>\n\t<\/div> \n<\/div><\/div>","protected":false},"excerpt":{"rendered":"SEMIN\u00c1RIO International Online Seminar Technologies of Normalization (virtual) Paula Casaleiro apresentou a comunica\u00e7\u00e3o \u201cThe Medicalization of Family and Children's Judicial Conflicts\u201d 1 de outubro Apresenta\u00e7\u00e3o","protected":false},"author":1,"featured_media":0,"parent":0,"menu_order":0,"comment_status":"closed","ping_status":"closed","template":"","meta":{"footnotes":""},"class_list":["post-1767","page","type-page","status-publish"],"_links":{"self":[{"href":"https:\/\/opj.ces.uc.pt\/en\/wp-json\/wp\/v2\/pages\/1767","targetHints":{"allow":["GET"]}}],"collection":[{"href":"https:\/\/opj.ces.uc.pt\/en\/wp-json\/wp\/v2\/pages"}],"about":[{"href":"https:\/\/opj.ces.uc.pt\/en\/wp-json\/wp\/v2\/types\/page"}],"author":[{"embeddable":true,"href":"https:\/\/opj.ces.uc.pt\/en\/wp-json\/wp\/v2\/users\/1"}],"replies":[{"embeddable":true,"href":"https:\/\/opj.ces.uc.pt\/en\/wp-json\/wp\/v2\/comments?post=1767"}],"version-history":[{"count":4,"href":"https:\/\/opj.ces.uc.pt\/en\/wp-json\/wp\/v2\/pages\/1767\/revisions"}],"predecessor-version":[{"id":2316,"href":"https:\/\/opj.ces.uc.pt\/en\/wp-json\/wp\/v2\/pages\/1767\/revisions\/2316"}],"wp:attachment":[{"href":"https:\/\/opj.ces.uc.pt\/en\/wp-json\/wp\/v2\/media?parent=1767"}],"curies":[{"name":"wp","href":"https:\/\/api.w.org\/{rel}","templated":true}]}}