{"id":2628,"date":"2021-04-23T10:46:02","date_gmt":"2021-04-23T10:46:02","guid":{"rendered":"https:\/\/opj.ces.uc.pt\/?page_id=2628"},"modified":"2021-04-23T11:00:30","modified_gmt":"2021-04-23T11:00:30","slug":"seminario-cooperacao-internacional-governacao-e-estado-de-direito","status":"publish","type":"page","link":"https:\/\/opj.ces.uc.pt\/en\/seminario-cooperacao-internacional-governacao-e-estado-de-direito\/","title":{"rendered":"Semin\u00e1rio Coopera\u00e7\u00e3o Internacional, Governa\u00e7\u00e3o e Estado de Direito"},"content":{"rendered":"<div id=\"fws_69f336dc6b705\"  data-midnight=\"dark\" data-top-percent=\"3%\"  data-bg-mobile-hidden=\"\" class=\"wpb_row vc_row-fluid vc_row top-level full-width-section standard_section\"  style=\"padding-top: calc(100vw * 0.03); padding-bottom: 0px; \"><div class=\"row-bg-wrap\" data-bg-animation=\"none\"><div class=\"inner-wrap\"><div class=\"row-bg\"  style=\"\"><\/div><\/div><div class=\"row-bg-overlay\" ><\/div><\/div><div class=\"col span_12 dark left\">\n\t<div  class=\"vc_col-sm-12 wpb_column column_container vc_column_container col no-extra-padding\"  data-t-w-inherits=\"default\" data-border-radius=\"none\" data-shadow=\"none\" data-border-animation=\"\" data-border-animation-delay=\"\" data-border-width=\"none\" data-border-style=\"solid\" data-border-color=\"\" data-bg-cover=\"\" data-padding-pos=\"all\" data-has-bg-color=\"false\" data-bg-color=\"\" data-bg-opacity=\"1\" data-hover-bg=\"\" data-hover-bg-opacity=\"1\" data-animation=\"\" data-delay=\"0\"><div class=\"column-bg-overlay\"><\/div>\n\t\t<div class=\"vc_column-inner\">\n\t\t\t<div class=\"wpb_wrapper\">\n\t\t\t\t\r\n\t<div class=\"wpb_text_column wpb_content_element  vc_custom_1604319457830\" >\r\n\t\t<div class=\"wpb_wrapper\">\r\n\t\t\t<h3 style=\"text-align: left;\"><span style=\"color: #ffffff;\">SEMINAR \u201cINTERNATIONAL COOPERATION, GOVERNANCE AND THE RULE OF LAW\u201d<\/span><\/h3>\n\r\n\t\t<\/div>\r\n\t<\/div>\r\n<div class=\"divider-wrap\" data-alignment=\"default\"><div style=\"height: 50px;\" class=\"divider\"><\/div><\/div>\n\t\t\t<\/div> \n\t\t<\/div>\n\t<\/div> \n<\/div><\/div>\n\t\t<div id=\"fws_69f336dc6ba70\"  data-midnight=\"dark\"  data-bg-mobile-hidden=\"\" class=\"wpb_row vc_row-fluid vc_row standard_section\"  style=\"padding-top: 0px; padding-bottom: 0px; \"><div class=\"row-bg-wrap\" data-bg-animation=\"none\"><div class=\"inner-wrap\"><div class=\"row-bg\"  style=\"\"><\/div><\/div><div class=\"row-bg-overlay\" ><\/div><\/div><div class=\"col span_12 dark left\">\n\t<div  class=\"vc_col-sm-8 wpb_column column_container vc_column_container col no-extra-padding\"  data-t-w-inherits=\"default\" data-border-radius=\"none\" data-shadow=\"none\" data-border-animation=\"\" data-border-animation-delay=\"\" data-border-width=\"none\" data-border-style=\"solid\" data-border-color=\"\" data-bg-cover=\"\" data-padding-pos=\"all\" data-has-bg-color=\"false\" data-bg-color=\"\" data-bg-opacity=\"1\" data-hover-bg=\"\" data-hover-bg-opacity=\"1\" data-animation=\"\" data-delay=\"0\"><div class=\"column-bg-overlay\"><\/div>\n\t\t<div class=\"vc_column-inner\">\n\t\t\t<div class=\"wpb_wrapper\">\n\t\t\t\t<div class=\"img-with-aniamtion-wrap\" data-max-width=\"100%\" data-border-radius=\"none\"><div class=\"inner\"><img loading=\"lazy\" decoding=\"async\" data-shadow=\"none\" data-shadow-direction=\"middle\" class=\"img-with-animation skip-lazy\" data-delay=\"0\" height=\"300\" width=\"572\"  data-animation=\"fade-in\" src=\"https:\/\/opj.ces.uc.pt\/wp-content\/uploads\/2021\/04\/cv1b-1.jpg\" srcset=\"https:\/\/opj.ces.uc.pt\/wp-content\/uploads\/2021\/04\/cv1b-1.jpg 572w, https:\/\/opj.ces.uc.pt\/wp-content\/uploads\/2021\/04\/cv1b-1-300x157.jpg 300w, https:\/\/opj.ces.uc.pt\/wp-content\/uploads\/2021\/04\/cv1b-1-16x8.jpg 16w\" sizes=\"auto, 100vw\" alt=\"\" \/><\/div><\/div>\r\n\t<div class=\"wpb_text_column wpb_content_element  vc_custom_1619175181666\" >\r\n\t\t<div class=\"wpb_wrapper\">\r\n\t\t\t<p>Seminar<strong>\u00a0<\/strong><strong>Coopera\u00e7\u00e3o Internacional, Governa\u00e7\u00e3o e Estado de Direito<\/strong><strong> (online) \u2013 Cabo Verde<\/strong><\/p>\n<p>Semin\u00e1rio organizado pelo OPJ, em parceria com a Faculdade de Ci\u00eancias Sociais, Humanas e Artes da Universidade de Cabo Verde, no \u00e2mbito do projeto\u00a0<a href=\"https:\/\/ces.uc.pt\/pt\/investigacao\/projetos-de-investigacao\/projetos-financiados\/encontros-de-conhecimento-e-de-partilha-de\">PACED Activities project: Project to support the consolidation of the rule of law<\/a>.<br \/>\n23 e 24 de mar\u00e7o 2021<br \/>\nCabo Verde<\/p>\n\r\n\t\t<\/div>\r\n\t<\/div>\r\n<div class=\"divider-wrap\" data-alignment=\"default\"><div style=\"height: 30px;\" class=\"divider\"><\/div><\/div><a class=\"nectar-button small see-through accent-color has-icon\" style=\"border-color: #581634; color: #581634;\" target=\"_blank\" href=\"https:\/\/opj.ces.uc.pt\/wp-content\/uploads\/2021\/04\/Semina\u0301rio-Cabo-Verde.pdf\" data-color-override=\"#581634\" data-hover-color-override=\"false\" data-hover-text-color-override=\"#fff\"><span>PROGRAMME<\/span><i  class=\"fa fa-file-pdf-o\"><\/i><\/a>\r\n    \t<div id=\"fws_69f336dc6c2ff\" data-midnight=\"\" data-column-margin=\"default\" data-bg-mobile-hidden=\"\" class=\"wpb_row vc_row-fluid vc_row inner_row standard_section\"  style=\"padding-top: 0px; padding-bottom: 0px; \"><div class=\"row-bg-wrap\"> <div class=\"row-bg\"  style=\"\"><\/div> <\/div><div class=\"col span_12  left\">\n\t<div  class=\"vc_col-sm-12 wpb_column column_container vc_column_container col no-extra-padding\"   data-t-w-inherits=\"default\" data-shadow=\"none\" data-border-radius=\"none\" data-border-animation=\"\" data-border-animation-delay=\"\" data-border-width=\"none\" data-border-style=\"solid\" data-border-color=\"\" data-bg-cover=\"\" data-padding-pos=\"all\" data-has-bg-color=\"false\" data-bg-color=\"\" data-bg-opacity=\"1\" data-hover-bg=\"\" data-hover-bg-opacity=\"1\" data-animation=\"\" data-delay=\"0\"><div class=\"column-bg-overlay\"><\/div>\n\t\t<div class=\"vc_column-inner\">\n\t\t<div class=\"wpb_wrapper\">\n\t\t\t\r\n\t<div class=\"wpb_text_column wpb_content_element\" >\r\n\t\t<div class=\"wpb_wrapper\">\r\n\t\t\t<hr \/>\n<p>Not\u00edcias:<\/p>\n<p><a class=\"nectar-button small see-through accent-color has-icon\" style=\"border-color: #581634; color: #581634;\" target=\"_blank\" href=\"https:\/\/inforpress.cv\/cabo-verde-debate-cooperacao-internacional-governacao-e-estado-de-direito\/\" data-color-override=\"#581634\" data-hover-color-override=\"false\" data-hover-text-color-override=\"#fff\"><span>Infopress | 19\/03\/2021<\/span><i  class=\"fa-clone\"><\/i><\/a><br \/>\n<a class=\"nectar-button small see-through accent-color has-icon\" style=\"border-color: #581634; color: #581634;\" target=\"_blank\" href=\"https:\/\/www.rtp.pt\/play\/p8167\/e532875\/reporter-africa-2-a-edicao\" data-color-override=\"#581634\" data-hover-color-override=\"false\" data-hover-text-color-override=\"#fff\"><span>RTP | 23\/03\/2021<\/span><i  class=\"fa-clone\"><\/i><\/a><br \/>\n<a class=\"nectar-button small see-through accent-color has-icon\" style=\"border-color: #581634; color: #581634;\" target=\"_blank\" href=\"https:\/\/www.noticiasaominuto.com\/mundo\/1716313\/falta-cultura-de-direitos-humanos-as-forcas-de-seguranca\/\" data-color-override=\"#581634\" data-hover-color-override=\"false\" data-hover-text-color-override=\"#fff\"><span>Not\u00edcias ao Minuto | 23\/03\/2021<\/span><i  class=\"fa-clone\"><\/i><\/a><br \/>\n<a class=\"nectar-button small see-through accent-color has-icon\" style=\"border-color: #581634; color: #581634;\" target=\"_blank\" href=\"https:\/\/www.lusa.pt\/article\/cOYAr1BlgpZD8E~P3Bw4VzMSZM5iuSI1\/covid-19-embaixadora-da-ue-em-cabo-verde-alerta-para-risco-de-mais-crimes\" data-color-override=\"#581634\" data-hover-color-override=\"false\" data-hover-text-color-override=\"#fff\"><span>Lusa | 23\/03\/2021<\/span><i  class=\"fa-clone\"><\/i><\/a><br \/>\n<a class=\"nectar-button small see-through accent-color has-icon\" style=\"border-color: #581634; color: #581634;\" target=\"_blank\" href=\"https:\/\/www.rtp.pt\/noticias\/mundo\/embaixadora-da-ue-em-cabo-verde-alerta-para-risco-de-mais-crimes_n1306629\" data-color-override=\"#581634\" data-hover-color-override=\"false\" data-hover-text-color-override=\"#fff\"><span>RTP Not\u00edcias | 23\/03\/2021<\/span><i  class=\"fa-clone\"><\/i><\/a><\/p>\n\r\n\t\t<\/div>\r\n\t<\/div>\r\n\n\t\t<\/div> \n\t<\/div>\n\t<\/div> \n<\/div><\/div>\n\t\t\t<\/div> \n\t\t<\/div>\n\t<\/div> \n\n\t<div  class=\"vc_col-sm-4 wpb_column column_container vc_column_container col no-extra-padding\"  data-t-w-inherits=\"default\" data-border-radius=\"none\" data-shadow=\"none\" data-border-animation=\"\" data-border-animation-delay=\"\" data-border-width=\"none\" data-border-style=\"solid\" data-border-color=\"\" data-bg-cover=\"\" data-padding-pos=\"all\" data-has-bg-color=\"false\" data-bg-color=\"\" data-bg-opacity=\"1\" data-hover-bg=\"\" data-hover-bg-opacity=\"1\" data-animation=\"\" data-delay=\"0\"><div class=\"column-bg-overlay\"><\/div>\n\t\t<div class=\"vc_column-inner\">\n\t\t\t<div class=\"wpb_wrapper\">\n\t\t\t\t\n\t\t\t<\/div> \n\t\t<\/div>\n\t<\/div> \n<\/div><\/div>","protected":false},"excerpt":{"rendered":"SEMIN\u00c1RIO\u00a0COOPERA\u00c7\u00c3O INTERNACIONAL, GOVERNA\u00c7\u00c3O E ESTADO DE DIREITO Semin\u00e1rio\u00a0Coopera\u00e7\u00e3o Internacional, Governa\u00e7\u00e3o e Estado de Direito (online) \u2013 Cabo Verde Semin\u00e1rio organizado pelo OPJ, em parceria com a Faculdade de Ci\u00eancias Sociais,...","protected":false},"author":1,"featured_media":0,"parent":0,"menu_order":0,"comment_status":"closed","ping_status":"closed","template":"","meta":{"footnotes":""},"class_list":["post-2628","page","type-page","status-publish"],"_links":{"self":[{"href":"https:\/\/opj.ces.uc.pt\/en\/wp-json\/wp\/v2\/pages\/2628","targetHints":{"allow":["GET"]}}],"collection":[{"href":"https:\/\/opj.ces.uc.pt\/en\/wp-json\/wp\/v2\/pages"}],"about":[{"href":"https:\/\/opj.ces.uc.pt\/en\/wp-json\/wp\/v2\/types\/page"}],"author":[{"embeddable":true,"href":"https:\/\/opj.ces.uc.pt\/en\/wp-json\/wp\/v2\/users\/1"}],"replies":[{"embeddable":true,"href":"https:\/\/opj.ces.uc.pt\/en\/wp-json\/wp\/v2\/comments?post=2628"}],"version-history":[{"count":12,"href":"https:\/\/opj.ces.uc.pt\/en\/wp-json\/wp\/v2\/pages\/2628\/revisions"}],"predecessor-version":[{"id":2643,"href":"https:\/\/opj.ces.uc.pt\/en\/wp-json\/wp\/v2\/pages\/2628\/revisions\/2643"}],"wp:attachment":[{"href":"https:\/\/opj.ces.uc.pt\/en\/wp-json\/wp\/v2\/media?parent=2628"}],"curies":[{"name":"wp","href":"https:\/\/api.w.org\/{rel}","templated":true}]}}