{"id":3313,"date":"2021-12-04T16:53:37","date_gmt":"2021-12-04T16:53:37","guid":{"rendered":"https:\/\/opj.ces.uc.pt\/?page_id=3313"},"modified":"2021-12-04T16:57:47","modified_gmt":"2021-12-04T16:57:47","slug":"ii-encontro-sao-tome-e-principe-22-e-24-de-junho-2021-online","status":"publish","type":"page","link":"https:\/\/opj.ces.uc.pt\/en\/ii-encontro-sao-tome-e-principe-22-e-24-de-junho-2021-online\/","title":{"rendered":"II ENCONTRO \u2013 S\u00c3O TOM\u00c9 E PR\u00cdNCIPE, 22 E 24 DE JUNHO 2021 (ONLINE)"},"content":{"rendered":"<div id=\"fws_69f29449bf840\"  data-midnight=\"dark\" data-top-percent=\"3%\"  data-bg-mobile-hidden=\"\" class=\"wpb_row vc_row-fluid vc_row top-level full-width-section standard_section\"  style=\"padding-top: calc(100vw * 0.03); padding-bottom: 0px; \"><div class=\"row-bg-wrap\" data-bg-animation=\"none\"><div class=\"inner-wrap\"><div class=\"row-bg\"  style=\"\"><\/div><\/div><div class=\"row-bg-overlay\" ><\/div><\/div><div class=\"col span_12 dark left\">\n\t<div  class=\"vc_col-sm-12 wpb_column column_container vc_column_container col no-extra-padding\"  data-t-w-inherits=\"default\" data-border-radius=\"none\" data-shadow=\"none\" data-border-animation=\"\" data-border-animation-delay=\"\" data-border-width=\"none\" data-border-style=\"solid\" data-border-color=\"\" data-bg-cover=\"\" data-padding-pos=\"all\" data-has-bg-color=\"false\" data-bg-color=\"\" data-bg-opacity=\"1\" data-hover-bg=\"\" data-hover-bg-opacity=\"1\" data-animation=\"\" data-delay=\"0\"><div class=\"column-bg-overlay\"><\/div>\n\t\t<div class=\"vc_column-inner\">\n\t\t\t<div class=\"wpb_wrapper\">\n\t\t\t\t\r\n\t<div class=\"wpb_text_column wpb_content_element  vc_custom_1638636738540\" >\r\n\t\t<div class=\"wpb_wrapper\">\r\n\t\t\t<h3 style=\"text-align: left;\"><span style=\"color: #ffffff;\">II ENCONTRO \u2013 S\u00c3O TOM\u00c9 E PR\u00cdNCIPE, 22 E 24 DE JUNHO 2021 (ONLINE)<\/span><\/h3>\n\r\n\t\t<\/div>\r\n\t<\/div>\r\n<div class=\"divider-wrap\" data-alignment=\"default\"><div style=\"height: 50px;\" class=\"divider\"><\/div><\/div>\n\t\t\t<\/div> \n\t\t<\/div>\n\t<\/div> \n<\/div><\/div>\n\t\t<div id=\"fws_69f29449bfb4e\"  data-midnight=\"dark\"  data-bg-mobile-hidden=\"\" class=\"wpb_row vc_row-fluid vc_row standard_section\"  style=\"padding-top: 0px; padding-bottom: 0px; \"><div class=\"row-bg-wrap\" data-bg-animation=\"none\"><div class=\"inner-wrap\"><div class=\"row-bg\"  style=\"\"><\/div><\/div><div class=\"row-bg-overlay\" ><\/div><\/div><div class=\"col span_12 dark left\">\n\t<div  class=\"vc_col-sm-8 wpb_column column_container vc_column_container col no-extra-padding\"  data-t-w-inherits=\"default\" data-border-radius=\"none\" data-shadow=\"none\" data-border-animation=\"\" data-border-animation-delay=\"\" data-border-width=\"none\" data-border-style=\"solid\" data-border-color=\"\" data-bg-cover=\"\" data-padding-pos=\"all\" data-has-bg-color=\"false\" data-bg-color=\"\" data-bg-opacity=\"1\" data-hover-bg=\"\" data-hover-bg-opacity=\"1\" data-animation=\"\" data-delay=\"0\"><div class=\"column-bg-overlay\"><\/div>\n\t\t<div class=\"vc_column-inner\">\n\t\t\t<div class=\"wpb_wrapper\">\n\t\t\t\t\n\t<div class=\"wpb_gallery wpb_content_element clearfix\">\n\t\t<div class=\"wpb_wrapper\"><div class=\"wpb_gallery_slides wpb_flexslider flex-gallery flexslider\" data-interval=\"5\" data-flex_fx=\"fade\"><ul class=\"slides\"><li><a href=\"https:\/\/opj.ces.uc.pt\/wp-content\/uploads\/2021\/12\/1-1.png\"><img loading=\"lazy\" decoding=\"async\" class=\"skip-lazy\" src=\"https:\/\/opj.ces.uc.pt\/wp-content\/uploads\/2021\/12\/1-1-400x266.png\" width=\"400\" height=\"266\" alt=\"1\" title=\"1\" \/><\/a><\/li><li><a href=\"https:\/\/opj.ces.uc.pt\/wp-content\/uploads\/2021\/12\/2-1.png\"><img loading=\"lazy\" decoding=\"async\" class=\"skip-lazy\" src=\"https:\/\/opj.ces.uc.pt\/wp-content\/uploads\/2021\/12\/2-1-400x266.png\" width=\"400\" height=\"266\" alt=\"2\" title=\"2\" \/><\/a><\/li><li><a href=\"https:\/\/opj.ces.uc.pt\/wp-content\/uploads\/2021\/12\/3-1.png\"><img loading=\"lazy\" decoding=\"async\" class=\"skip-lazy\" src=\"https:\/\/opj.ces.uc.pt\/wp-content\/uploads\/2021\/12\/3-1-400x266.png\" width=\"400\" height=\"266\" alt=\"3\" title=\"3\" \/><\/a><\/li><li><a href=\"https:\/\/opj.ces.uc.pt\/wp-content\/uploads\/2021\/12\/4-1.png\"><img loading=\"lazy\" decoding=\"async\" class=\"skip-lazy\" src=\"https:\/\/opj.ces.uc.pt\/wp-content\/uploads\/2021\/12\/4-1-400x266.png\" width=\"400\" height=\"266\" alt=\"4\" title=\"4\" \/><\/a><\/li><\/ul><\/div>\n\t\t<\/div> \n\t<\/div> \r\n\t<div class=\"wpb_text_column wpb_content_element  vc_custom_1638636801782\" >\r\n\t\t<div class=\"wpb_wrapper\">\r\n\t\t\t<p><a href=\"https:\/\/opj.ces.uc.pt\/wp-content\/uploads\/2021\/12\/Programa-II-Encontro-Sa\u0303o-Tome\u0301.pdf\"><b>II Encontro de Conhecimento, Partilha de Experi\u00eancias e Boas Pr\u00e1ticas: Prevenir e lutar eficazmente contra a corrup\u00e7\u00e3o, branqueamento de capitais e crime organizado (online)<br \/>\n<\/b><b>S\u00e3o Tom\u00e9 e Pr\u00edncipe<\/b><\/a><br \/>\nEncontro organizado pelo OPJ, em parceria com a Dire\u00e7\u00e3o de Pol\u00edtica de Justi\u00e7a do Minist\u00e9rio da Justi\u00e7a, Administra\u00e7\u00e3o P\u00fablica e Direitos Humanos, no \u00e2mbito do projeto\u00a0<a href=\"https:\/\/ces.uc.pt\/pt\/investigacao\/projetos-de-investigacao\/projetos-financiados\/encontros-de-conhecimento-e-de-partilha-de\" target=\"_blank\" rel=\"noopener noreferrer\">PACED Activities project: Project to support the consolidation of the rule of law<\/a>.<br \/>\n22 e 24 de junho<br \/>\nS\u00e3o Tom\u00e9 e Pr\u00edncipe<\/p>\n\r\n\t\t<\/div>\r\n\t<\/div>\r\n<div class=\"divider-wrap\" data-alignment=\"default\"><div style=\"height: 30px;\" class=\"divider\"><\/div><\/div><a class=\"nectar-button small see-through accent-color has-icon\" style=\"border-color: #581634; color: #581634;\" target=\"_blank\" href=\"https:\/\/opj.ces.uc.pt\/wp-content\/uploads\/2021\/12\/Programa-II-Encontro-Sa\u0303o-Tome\u0301.pdf\" data-color-override=\"#581634\" data-hover-color-override=\"false\" data-hover-text-color-override=\"#fff\"><span>PROGRAMME<\/span><i  class=\"fa fa-file-pdf-o\"><\/i><\/a>\n\t\t\t<\/div> \n\t\t<\/div>\n\t<\/div> \n\n\t<div  class=\"vc_col-sm-4 wpb_column column_container vc_column_container col no-extra-padding\"  data-t-w-inherits=\"default\" data-border-radius=\"none\" data-shadow=\"none\" data-border-animation=\"\" data-border-animation-delay=\"\" data-border-width=\"none\" data-border-style=\"solid\" data-border-color=\"\" data-bg-cover=\"\" data-padding-pos=\"all\" data-has-bg-color=\"false\" data-bg-color=\"\" data-bg-opacity=\"1\" data-hover-bg=\"\" data-hover-bg-opacity=\"1\" data-animation=\"\" data-delay=\"0\"><div class=\"column-bg-overlay\"><\/div>\n\t\t<div class=\"vc_column-inner\">\n\t\t\t<div class=\"wpb_wrapper\">\n\t\t\t\t\n\t\t\t<\/div> \n\t\t<\/div>\n\t<\/div> \n<\/div><\/div>","protected":false},"excerpt":{"rendered":"II ENCONTRO \u2013 S\u00c3O TOM\u00c9 E PR\u00cdNCIPE, 22 E 24 DE JUNHO 2021 (ONLINE) II Encontro de Conhecimento, Partilha de Experi\u00eancias e Boas Pr\u00e1ticas: Prevenir e lutar eficazmente contra a...","protected":false},"author":1,"featured_media":0,"parent":0,"menu_order":0,"comment_status":"closed","ping_status":"closed","template":"","meta":{"footnotes":""},"class_list":["post-3313","page","type-page","status-publish"],"_links":{"self":[{"href":"https:\/\/opj.ces.uc.pt\/en\/wp-json\/wp\/v2\/pages\/3313","targetHints":{"allow":["GET"]}}],"collection":[{"href":"https:\/\/opj.ces.uc.pt\/en\/wp-json\/wp\/v2\/pages"}],"about":[{"href":"https:\/\/opj.ces.uc.pt\/en\/wp-json\/wp\/v2\/types\/page"}],"author":[{"embeddable":true,"href":"https:\/\/opj.ces.uc.pt\/en\/wp-json\/wp\/v2\/users\/1"}],"replies":[{"embeddable":true,"href":"https:\/\/opj.ces.uc.pt\/en\/wp-json\/wp\/v2\/comments?post=3313"}],"version-history":[{"count":2,"href":"https:\/\/opj.ces.uc.pt\/en\/wp-json\/wp\/v2\/pages\/3313\/revisions"}],"predecessor-version":[{"id":3319,"href":"https:\/\/opj.ces.uc.pt\/en\/wp-json\/wp\/v2\/pages\/3313\/revisions\/3319"}],"wp:attachment":[{"href":"https:\/\/opj.ces.uc.pt\/en\/wp-json\/wp\/v2\/media?parent=3313"}],"curies":[{"name":"wp","href":"https:\/\/api.w.org\/{rel}","templated":true}]}}